{"id":606,"date":"2024-01-12T13:17:40","date_gmt":"2024-01-12T12:17:40","guid":{"rendered":"https:\/\/shop.dachzeltnomaden.com\/?post_type=product&#038;p=606"},"modified":"2026-04-21T06:13:48","modified_gmt":"2026-04-21T04:13:48","slug":"arcta-dachzelte","status":"publish","type":"product","link":"https:\/\/dachzeltnomaden.com\/shop\/produkt\/arcta-dachzelte\/","title":{"rendered":"ARCTA<br>Dachzelte"},"content":{"rendered":"\n<p>WERBUNG<br><br>Du suchst ein ARCTA Dachzelt? Dann bist du hier genau richtig! ARCTA Dachzelte gibt es in folgenden Ausf\u00fchrungen:<\/p>\n\n\n\n<ul class=\"wp-block-list\">\n<li>Klappdachzelte, Hybriddachzelte, Aluminium Hartschalendachzelte und ABS Hartschalendachzelte<\/li>\n\n\n\n<li>Liegefl\u00e4che Breite: 120 &#8211; 193 cm<\/li>\n\n\n\n<li>Liegefl\u00e4che L\u00e4nge: 200 &#8211; 240 cm<\/li>\n\n\n\n<li>Gewicht: ab 55 Kg<\/li>\n\n\n\n<li>Preis: ab 1990 Euro<\/li>\n<\/ul>\n\n\n\n<p class=\"m_6724147726143601562p1\" style=\"margin-top:30px\">*Die Links sind Affiliate Links. Wenn du dich f\u00fcr den Kauf eines Dachzeltes entscheidest, erhalten die Dachzeltnomaden eine Provision. Damit unterst\u00fctzt du uns &amp; unsere Arbeit. F\u00fcr dich kostet das Dachzelt deshalb nicht mehr.<br><br>Diese ARCTA Dachzelt Modelle sind aktuell zu haben:<\/p>\n\n\n\n<div class=\"wp-block-uagb-container uagb-block-1a415540 default uagb-is-root-container\">\n<div class=\"wp-block-uagb-container uagb-block-125ecdd4\">\n<div class=\"wp-block-group is-layout-constrained wp-container-core-group-is-layout-bdcbbb17 wp-block-group-is-layout-constrained\">\n<div class=\"wp-block-uagb-advanced-heading uagb-block-3095ecad\"><h2 class=\"uagb-heading-text\">VIATOR 140<\/h2><div class=\"uagb-separator\"><\/div><p class=\"uagb-desc-text\"><strong>1.990 \u20ac<\/strong><\/p><\/div>\n\n\n\n<div class=\"wp-block-uagb-image uagb-block-dddccac0 wp-block-uagb-image--layout-default wp-block-uagb-image--effect-static wp-block-uagb-image--align-none\"><figure class=\"wp-block-uagb-image__figure\"><img decoding=\"async\" srcset=\"https:\/\/dachzeltnomaden.com\/shop\/wp-content\/uploads\/2024\/01\/dachzeltnomaden-shop-dachzelte-arcta-viator-140-klappdachzelt-kaufen-640x512.webp ,https:\/\/dachzeltnomaden.com\/shop\/wp-content\/uploads\/2024\/01\/dachzeltnomaden-shop-dachzelte-arcta-viator-140-klappdachzelt-kaufen.webp 780w, https:\/\/dachzeltnomaden.com\/shop\/wp-content\/uploads\/2024\/01\/dachzeltnomaden-shop-dachzelte-arcta-viator-140-klappdachzelt-kaufen.webp 360w\" sizes=\"auto, (max-width: 480px) 150px\" src=\"https:\/\/dachzeltnomaden.com\/shop\/wp-content\/uploads\/2024\/01\/dachzeltnomaden-shop-dachzelte-arcta-viator-140-klappdachzelt-kaufen-640x512.webp\" alt=\"arcta viator 140 klappdachzelt kaufen\" class=\"uag-image-133289\" width=\"1024\" height=\"250\" title=\"dachzeltnomaden-shop-dachzelte-arcta-viator-140-klappdachzelt-kaufen\" loading=\"lazy\" role=\"img\"\/><\/figure><\/div>\n\n\n\n<p class=\"has-ast-global-color-2-color has-text-color has-link-color wp-elements-1d59e5595ee61e8fec78ce839fcb6cf0\">2 Personen Dachzelt, viel Platz, f\u00fcr Kombis ab 60 kg Dachlast<\/p>\n\n\n\n<hr class=\"wp-block-separator has-text-color has-ast-global-color-2-color has-alpha-channel-opacity has-ast-global-color-2-background-color has-background\"\/>\n\n\n\n<ul style=\"font-size:15px\" class=\"wp-block-list has-ast-global-color-2-color has-text-color has-link-color wp-elements-96d82e2ed1eee9b8c8810d5033a16c67\">\n<li>Ma\u00dfe geschlossen: 145 x 125 x 29 cm<\/li>\n\n\n\n<li>Ma\u00dfe ge\u00f6ffnet: 143 x 240 x 126 cm<\/li>\n\n\n\n<li>Ma\u00dfe Matratze: 140 x 240 x 7 cm<\/li>\n\n\n\n<li>Gewicht: 55 kg <\/li>\n<\/ul>\n<\/div>\n\n\n\n<div class=\"wp-block-uagb-buttons uagb-buttons__outer-wrap uagb-btn__default-btn uagb-btn-tablet__default-btn uagb-btn-mobile__default-btn uagb-block-f0e35017\"><div class=\"uagb-buttons__wrap uagb-buttons-layout-wrap \">\n<div class=\"wp-block-uagb-buttons-child uagb-buttons__outer-wrap uagb-block-e53b4351 wp-block-button\"><div class=\"uagb-button__wrapper\"><a class=\"uagb-buttons-repeater wp-block-button__link\" aria-label=\"\" href=\"#\" rel=\"follow noopener\" target=\"_self\" role=\"button\"><div class=\"uagb-button__link\">Zum ARCTA VIATOR 140<\/div><\/a><\/div><\/div>\n<\/div><\/div>\n<a class=\"spectra-container-link-overlay\" rel=\"noopener\" target=\"_blank\" href=\"https:\/\/www.arcta.de\/products\/viator-140?ref=NrBcA0l2&amp;sub_id=shop_arcta_viator140_bb_1\"> <\/a><\/div>\n\n\n\n<div class=\"wp-block-uagb-container uagb-block-754c70c4\">\n<div class=\"wp-block-group is-layout-constrained wp-container-core-group-is-layout-bdcbbb17 wp-block-group-is-layout-constrained\">\n<div class=\"wp-block-uagb-advanced-heading uagb-block-66f0d31e\"><h2 class=\"uagb-heading-text\">VIATOR 160<\/h2><div class=\"uagb-separator\"><\/div><p class=\"uagb-desc-text\"><strong>2.190 \u20ac<\/strong><\/p><\/div>\n\n\n\n<div class=\"wp-block-uagb-image uagb-block-2bfd98ee wp-block-uagb-image--layout-default wp-block-uagb-image--effect-static wp-block-uagb-image--align-none\"><figure class=\"wp-block-uagb-image__figure\"><img decoding=\"async\" srcset=\"https:\/\/dachzeltnomaden.com\/shop\/wp-content\/uploads\/2024\/01\/dachzeltnomaden-shop-dachzelte-arcta-viator-160-klappdachzelt-kaufen-640x512.webp ,https:\/\/dachzeltnomaden.com\/shop\/wp-content\/uploads\/2024\/01\/dachzeltnomaden-shop-dachzelte-arcta-viator-160-klappdachzelt-kaufen.webp 780w, https:\/\/dachzeltnomaden.com\/shop\/wp-content\/uploads\/2024\/01\/dachzeltnomaden-shop-dachzelte-arcta-viator-160-klappdachzelt-kaufen.webp 360w\" sizes=\"auto, (max-width: 480px) 150px\" src=\"https:\/\/dachzeltnomaden.com\/shop\/wp-content\/uploads\/2024\/01\/dachzeltnomaden-shop-dachzelte-arcta-viator-160-klappdachzelt-kaufen-640x512.webp\" alt=\"klappdachzelt arcta viator 160 kaufen\" class=\"uag-image-133290\" width=\"1024\" height=\"250\" title=\"dachzeltnomaden-shop-dachzelte-arcta-viator-160-klappdachzelt-kaufen\" loading=\"lazy\" role=\"img\"\/><\/figure><\/div>\n\n\n\n<p class=\"has-ast-global-color-2-color has-text-color has-link-color wp-elements-804fe0039f07431454e69483f56b9d31\">2-3 Personen Dachzelt, viel Platz, f\u00fcr Kombis ab 66 kg Dachlast<\/p>\n\n\n\n<hr class=\"wp-block-separator has-text-color has-ast-global-color-2-color has-alpha-channel-opacity has-ast-global-color-2-background-color has-background\"\/>\n\n\n\n<ul style=\"font-size:15px\" class=\"wp-block-list has-ast-global-color-2-color has-text-color has-link-color wp-elements-0297ecd2f6ffcc0aa3503a28e59acea3\">\n<li>Ma\u00dfe geschlossen: 165 x 125 x 29 cm<\/li>\n\n\n\n<li>Ma\u00dfe ge\u00f6ffnet:  163 x 240 x 126 cm<\/li>\n\n\n\n<li>Ma\u00dfe Matratze: 160 x 240 x 7 cm<\/li>\n\n\n\n<li>Gewicht: 61 kg<\/li>\n<\/ul>\n<\/div>\n\n\n\n<div class=\"wp-block-uagb-buttons uagb-buttons__outer-wrap uagb-btn__default-btn uagb-btn-tablet__default-btn uagb-btn-mobile__default-btn uagb-block-c48bea8a\"><div class=\"uagb-buttons__wrap uagb-buttons-layout-wrap \">\n<div class=\"wp-block-uagb-buttons-child uagb-buttons__outer-wrap uagb-block-560a85a0 wp-block-button\"><div class=\"uagb-button__wrapper\"><a class=\"uagb-buttons-repeater wp-block-button__link\" aria-label=\"\" href=\"#\" rel=\"follow noopener\" target=\"_self\" role=\"button\"><div class=\"uagb-button__link\">Zum ARCTA VIATOR 160<\/div><\/a><\/div><\/div>\n<\/div><\/div>\n<a class=\"spectra-container-link-overlay\" rel=\"noopener\" target=\"_blank\" href=\"https:\/\/www.arcta.de\/collections\/klappdachzelte\/products\/viator-160?ref=NrBcA0l2&amp;sub_id=shop_arcta_viator160_bb_1\"> <\/a><\/div>\n\n\n\n<div class=\"wp-block-uagb-container uagb-block-751e462b\">\n<div class=\"wp-block-group is-layout-constrained wp-container-core-group-is-layout-bdcbbb17 wp-block-group-is-layout-constrained\">\n<div class=\"wp-block-uagb-advanced-heading uagb-block-a9630844\"><h2 class=\"uagb-heading-text\">VIATOR Family<\/h2><div class=\"uagb-separator\"><\/div><p class=\"uagb-desc-text\"><strong>2.390 \u20ac<\/strong><\/p><\/div>\n\n\n\n<div class=\"wp-block-uagb-image uagb-block-f3e48046 wp-block-uagb-image--layout-default wp-block-uagb-image--effect-static wp-block-uagb-image--align-none\"><figure class=\"wp-block-uagb-image__figure\"><img decoding=\"async\" srcset=\"https:\/\/dachzeltnomaden.com\/shop\/wp-content\/uploads\/2024\/01\/Dachzeltnomaden_Shop-ARCTA-Dachzelte-Viator-family-1_1024_75.webp ,https:\/\/dachzeltnomaden.com\/shop\/wp-content\/uploads\/2024\/01\/Dachzeltnomaden_Shop-ARCTA-Dachzelte-Viator-family-1_1024_75.webp 780w, https:\/\/dachzeltnomaden.com\/shop\/wp-content\/uploads\/2024\/01\/Dachzeltnomaden_Shop-ARCTA-Dachzelte-Viator-family-1_1024_75.webp 360w\" sizes=\"auto, (max-width: 480px) 150px\" src=\"https:\/\/dachzeltnomaden.com\/shop\/wp-content\/uploads\/2024\/01\/Dachzeltnomaden_Shop-ARCTA-Dachzelte-Viator-family-1_1024_75.webp\" alt=\"Dachzeltnomaden Shop Dachzelt kaufen ARCTA Viator Family\" class=\"uag-image-130118\" width=\"1024\" height=\"250\" title=\"Dachzeltnomaden_Shop-ARCTA-Dachzelte-Viator-family-1_1024_75\" loading=\"lazy\" role=\"img\"\/><\/figure><\/div>\n\n\n\n<p class=\"has-ast-global-color-2-color has-text-color has-link-color wp-elements-b661e19b7c7beb202c24ee8b0e1bdcb1\">4 Personen Dachzelt, f\u00fcr Familien, f\u00fcr Fahrzeuge ab 74 kg Dachlast<\/p>\n\n\n\n<hr class=\"wp-block-separator has-text-color has-ast-global-color-2-color has-alpha-channel-opacity has-ast-global-color-2-background-color has-background\"\/>\n\n\n\n<ul style=\"font-size:15px\" class=\"wp-block-list has-ast-global-color-2-color has-text-color has-link-color wp-elements-e07be5dd1ffa683e2b7cbd4ea70a3bfb\">\n<li>Ma\u00dfe geschlossen: 195 x 125 x 29 cm<\/li>\n\n\n\n<li>Ma\u00dfe ge\u00f6ffnet: 193 x 240 x 126 cm<\/li>\n\n\n\n<li>Ma\u00dfe Matratze: 190 x 240 x 6 cm<\/li>\n\n\n\n<li>Gewicht: 69 kg<\/li>\n<\/ul>\n<\/div>\n\n\n\n<div class=\"wp-block-uagb-buttons uagb-buttons__outer-wrap uagb-btn__default-btn uagb-btn-tablet__default-btn uagb-btn-mobile__default-btn uagb-block-e9253de5\"><div class=\"uagb-buttons__wrap uagb-buttons-layout-wrap \">\n<div class=\"wp-block-uagb-buttons-child uagb-buttons__outer-wrap uagb-block-7fedee46 wp-block-button\"><div class=\"uagb-button__wrapper\"><a class=\"uagb-buttons-repeater wp-block-button__link\" aria-label=\"\" href=\"#\" rel=\"follow noopener\" target=\"_self\" role=\"button\"><div class=\"uagb-button__link\">Zum ARCTA VIATOR Family<\/div><\/a><\/div><\/div>\n<\/div><\/div>\n<a class=\"spectra-container-link-overlay\" rel=\"noopener\" target=\"_blank\" href=\"https:\/\/www.arcta.de\/products\/viator-family?ref=NrBcA0l2&amp;sub_id=shop_arcta_viatorfamily_bb_1\"> <\/a><\/div>\n<\/div>\n\n\n\n<div class=\"wp-block-uagb-container uagb-block-c547fa0b default uagb-is-root-container\">\n<div class=\"wp-block-uagb-container uagb-block-3b078408\">\n<div class=\"wp-block-group is-layout-constrained wp-container-core-group-is-layout-bdcbbb17 wp-block-group-is-layout-constrained\">\n<div class=\"wp-block-uagb-advanced-heading uagb-block-d575a8db\"><h2 class=\"uagb-heading-text\">VIATOR PRO<\/h2><div class=\"uagb-separator\"><\/div><p class=\"uagb-desc-text\"><strong>Ab 2.190 \u20ac<\/strong><\/p><\/div>\n\n\n\n<div class=\"wp-block-uagb-image uagb-block-29caebfa wp-block-uagb-image--layout-default wp-block-uagb-image--effect-static wp-block-uagb-image--align-none\"><figure class=\"wp-block-uagb-image__figure\"><img decoding=\"async\" srcset=\"https:\/\/dachzeltnomaden.com\/shop\/wp-content\/uploads\/2024\/01\/dachzeltnomaden-arcta-dachzelte-viator-pro-190-klappdachzelt-kaufen-familiendachzelt-640x512.webp ,https:\/\/dachzeltnomaden.com\/shop\/wp-content\/uploads\/2024\/01\/dachzeltnomaden-arcta-dachzelte-viator-pro-190-klappdachzelt-kaufen-familiendachzelt.webp 780w, https:\/\/dachzeltnomaden.com\/shop\/wp-content\/uploads\/2024\/01\/dachzeltnomaden-arcta-dachzelte-viator-pro-190-klappdachzelt-kaufen-familiendachzelt.webp 360w\" sizes=\"auto, (max-width: 480px) 150px\" src=\"https:\/\/dachzeltnomaden.com\/shop\/wp-content\/uploads\/2024\/01\/dachzeltnomaden-arcta-dachzelte-viator-pro-190-klappdachzelt-kaufen-familiendachzelt-640x512.webp\" alt=\"arcta dachzelte viator pro kaufen klappdachzelt\" class=\"uag-image-133288\" width=\"1024\" height=\"250\" title=\"dachzeltnomaden-arcta-dachzelte-viator-pro-190-klappdachzelt-kaufen-familiendachzelt\" loading=\"lazy\" role=\"img\"\/><\/figure><\/div>\n\n\n\n<p class=\"has-ast-global-color-2-color has-text-color has-link-color wp-elements-aaa7c3c03b7ef620605cb8ffd763673f\">2-4 Personen Dachzelt, 3 Gr\u00f6\u00dfen, f\u00fcr Kleinwagen ab 61 kg Dachlast<\/p>\n\n\n\n<hr class=\"wp-block-separator has-text-color has-ast-global-color-2-color has-alpha-channel-opacity has-ast-global-color-2-background-color has-background\"\/>\n\n\n\n<ul style=\"font-size:15px\" class=\"wp-block-list has-ast-global-color-2-color has-text-color has-link-color wp-elements-475d3a2bb7d1870989821969b8386bb9\">\n<li>Ma\u00dfe geschlossen: 145 x 125 x 29 cm&nbsp;| 165 x 125 x 29 cm | 195 x 125 x 29 cm<\/li>\n\n\n\n<li>Ma\u00dfe ge\u00f6ffnet: 143 x 240 x 126 cm | 163 x 240 x 126 cm | 193 x 240 x 126cm<\/li>\n\n\n\n<li>Ma\u00dfe Matratze: 143 x 240 x 7 cm | 163 x 240 x 7 cm | 193 x 240 x 7 cm<\/li>\n\n\n\n<li>Gewicht: 56 kg | 62 kg | 71 kg<\/li>\n<\/ul>\n<\/div>\n\n\n\n<div class=\"wp-block-uagb-buttons uagb-buttons__outer-wrap uagb-btn__default-btn uagb-btn-tablet__default-btn uagb-btn-mobile__default-btn uagb-block-f80a5725\"><div class=\"uagb-buttons__wrap uagb-buttons-layout-wrap \">\n<div class=\"wp-block-uagb-buttons-child uagb-buttons__outer-wrap uagb-block-55aa63d1 wp-block-button\"><div class=\"uagb-button__wrapper\"><a class=\"uagb-buttons-repeater wp-block-button__link\" aria-label=\"\" href=\"#\" rel=\"follow noopener\" target=\"_self\" role=\"button\"><div class=\"uagb-button__link\">Zum ARCTA VIATOR PRO<\/div><\/a><\/div><\/div>\n<\/div><\/div>\n<a class=\"spectra-container-link-overlay\" rel=\"noopener\" target=\"_blank\" href=\"https:\/\/www.arcta.de\/products\/viator-pro?ref=NrBcA0l2&amp;sub_id=shop_arcta_viatorPro_bb_1\"> <\/a><\/div>\n\n\n\n<div class=\"wp-block-uagb-container uagb-block-50ed6f9f\">\n<div class=\"wp-block-group is-layout-constrained wp-container-core-group-is-layout-bdcbbb17 wp-block-group-is-layout-constrained\">\n<div class=\"wp-block-uagb-advanced-heading uagb-block-2a675928\"><h2 class=\"uagb-heading-text\">RADIX<\/h2><div class=\"uagb-separator\"><\/div><p class=\"uagb-desc-text\"><strong>Ab 2.890 \u20ac<\/strong><\/p><\/div>\n\n\n\n<div class=\"wp-block-uagb-image uagb-block-1c6031ce wp-block-uagb-image--layout-default wp-block-uagb-image--effect-static wp-block-uagb-image--align-none\"><figure class=\"wp-block-uagb-image__figure\"><img decoding=\"async\" srcset=\"https:\/\/dachzeltnomaden.com\/shop\/wp-content\/uploads\/2024\/01\/dachzeltnomaden-shop-dachzelte-radix-xl-kaufen-640x512.webp ,https:\/\/dachzeltnomaden.com\/shop\/wp-content\/uploads\/2024\/01\/dachzeltnomaden-shop-dachzelte-radix-xl-kaufen.webp 780w, https:\/\/dachzeltnomaden.com\/shop\/wp-content\/uploads\/2024\/01\/dachzeltnomaden-shop-dachzelte-radix-xl-kaufen.webp 360w\" sizes=\"auto, (max-width: 480px) 150px\" src=\"https:\/\/dachzeltnomaden.com\/shop\/wp-content\/uploads\/2024\/01\/dachzeltnomaden-shop-dachzelte-radix-xl-kaufen-640x512.webp\" alt=\"arcta dachzelt radix kaufen\" class=\"uag-image-140122\" width=\"1024\" height=\"250\" title=\"dachzeltnomaden-shop-dachzelte-radix-xl-kaufen\" loading=\"lazy\" role=\"img\"\/><\/figure><\/div>\n\n\n\n<p class=\"has-ast-global-color-2-color has-text-color has-link-color wp-elements-214648fd7d8aca8bc57033ed44302954\">1 Personen Dachzelt, Alu &#8211; Hartschale, f\u00fcr Fahrzeuge ab 90 kg Dachlast<\/p>\n\n\n\n<hr class=\"wp-block-separator has-text-color has-ast-global-color-2-color has-alpha-channel-opacity has-ast-global-color-2-background-color has-background\"\/>\n\n\n\n<ul style=\"font-size:15px\" class=\"wp-block-list has-ast-global-color-2-color has-text-color has-link-color wp-elements-5ab445984ffd5e3a1ad71feafbbd9b7f\">\n<li>Ma\u00dfe geschlossen: 142 x 215 x 22 cm<\/li>\n\n\n\n<li>Ma\u00dfe ge\u00f6ffnet: 142 x 215 x 155 cm<\/li>\n\n\n\n<li>Ma\u00dfe Matratze: 120 x 200 x 6 cm<\/li>\n\n\n\n<li>Gewicht: 85 kg<\/li>\n<\/ul>\n<\/div>\n\n\n\n<div class=\"wp-block-uagb-buttons uagb-buttons__outer-wrap uagb-btn__default-btn uagb-btn-tablet__default-btn uagb-btn-mobile__default-btn uagb-block-d9076d33\"><div class=\"uagb-buttons__wrap uagb-buttons-layout-wrap \">\n<div class=\"wp-block-uagb-buttons-child uagb-buttons__outer-wrap uagb-block-baf84c24 wp-block-button\"><div class=\"uagb-button__wrapper\"><a class=\"uagb-buttons-repeater wp-block-button__link\" aria-label=\"\" href=\"#\" rel=\"follow noopener\" target=\"_self\" role=\"button\"><div class=\"uagb-button__link\">Zum ARCTA RADIX<\/div><\/a><\/div><\/div>\n<\/div><\/div>\n<a class=\"spectra-container-link-overlay\" rel=\"noopener\" target=\"_blank\" href=\"https:\/\/www.arcta.de\/collections\/hartschalen-dachzelte\/products\/radix?ref=NrBcA0l2&amp;sub_id=shop_arcta_radix_bb_1\"> <\/a><\/div>\n\n\n\n<div class=\"wp-block-uagb-container uagb-block-f2ed73a5\">\n<div class=\"wp-block-group is-layout-constrained wp-container-core-group-is-layout-bdcbbb17 wp-block-group-is-layout-constrained\">\n<div class=\"wp-block-uagb-advanced-heading uagb-block-b7c430df\"><h2 class=\"uagb-heading-text\">RADIX XL<\/h2><div class=\"uagb-separator\"><\/div><p class=\"uagb-desc-text\"><strong>Ab 3.190 \u20ac<\/strong><\/p><\/div>\n\n\n\n<div class=\"wp-block-uagb-image uagb-block-4ed24cbc wp-block-uagb-image--layout-default wp-block-uagb-image--effect-static wp-block-uagb-image--align-none\"><figure class=\"wp-block-uagb-image__figure\"><img decoding=\"async\" srcset=\"https:\/\/dachzeltnomaden.com\/shop\/wp-content\/uploads\/2024\/01\/dachzeltnomaden-shop-dachzelte-radix-xl-kaufen-640x512.webp ,https:\/\/dachzeltnomaden.com\/shop\/wp-content\/uploads\/2024\/01\/dachzeltnomaden-shop-dachzelte-radix-xl-kaufen.webp 780w, https:\/\/dachzeltnomaden.com\/shop\/wp-content\/uploads\/2024\/01\/dachzeltnomaden-shop-dachzelte-radix-xl-kaufen.webp 360w\" sizes=\"auto, (max-width: 480px) 150px\" src=\"https:\/\/dachzeltnomaden.com\/shop\/wp-content\/uploads\/2024\/01\/dachzeltnomaden-shop-dachzelte-radix-xl-kaufen-640x512.webp\" alt=\"arcta dachzelt radix kaufen\" class=\"uag-image-140122\" width=\"1024\" height=\"250\" title=\"dachzeltnomaden-shop-dachzelte-radix-xl-kaufen\" loading=\"lazy\" role=\"img\"\/><\/figure><\/div>\n\n\n\n<p class=\"has-ast-global-color-2-color has-text-color has-link-color wp-elements-a4d3f1f377e9a6eb15a310d4b997fc26\">1 -2 Personen Dachzelt, Alu &#8211; Hartschale, f\u00fcr Fahrzeuge ab 96 kg Dachlast<\/p>\n\n\n\n<hr class=\"wp-block-separator has-text-color has-ast-global-color-2-color has-alpha-channel-opacity has-ast-global-color-2-background-color has-background\"\/>\n\n\n\n<ul style=\"font-size:15px\" class=\"wp-block-list has-ast-global-color-2-color has-text-color has-link-color wp-elements-7fd52695975211a0d06add71f6d6fc7d\">\n<li>Ma\u00dfe geschlossen: 157 x 215 x 22 cm<\/li>\n\n\n\n<li>Ma\u00dfe ge\u00f6ffnet: 157 x 215 x 155 cm<\/li>\n\n\n\n<li>Ma\u00dfe Matratze: 135 x 200 x 6 cm<\/li>\n\n\n\n<li>Gewicht: 91 kg<\/li>\n<\/ul>\n<\/div>\n\n\n\n<div class=\"wp-block-uagb-buttons uagb-buttons__outer-wrap uagb-btn__default-btn uagb-btn-tablet__default-btn uagb-btn-mobile__default-btn uagb-block-84b0fdaf\"><div class=\"uagb-buttons__wrap uagb-buttons-layout-wrap \">\n<div class=\"wp-block-uagb-buttons-child uagb-buttons__outer-wrap uagb-block-8c082e1c wp-block-button\"><div class=\"uagb-button__wrapper\"><a class=\"uagb-buttons-repeater wp-block-button__link\" aria-label=\"\" href=\"#\" rel=\"follow noopener\" target=\"_self\" role=\"button\"><div class=\"uagb-button__link\">Zum ARCTA RADIX XL<\/div><\/a><\/div><\/div>\n<\/div><\/div>\n<a class=\"spectra-container-link-overlay\" rel=\"noopener\" target=\"_blank\" href=\"https:\/\/www.arcta.de\/products\/radix-xl?ref=NrBcA0l2&amp;sub_id=shop_arcta_radixXL_bb_1\"> <\/a><\/div>\n<\/div>\n\n\n\n<div class=\"wp-block-uagb-container uagb-block-9d177e62 default uagb-is-root-container\">\n<div class=\"wp-block-uagb-container uagb-block-89583385\">\n<div class=\"wp-block-group is-layout-constrained wp-container-core-group-is-layout-bdcbbb17 wp-block-group-is-layout-constrained\">\n<div class=\"wp-block-uagb-advanced-heading uagb-block-fae32bd0\"><h2 class=\"uagb-heading-text\">NIMBO<\/h2><div class=\"uagb-separator\"><\/div><p class=\"uagb-desc-text\"><strong>2.590 \u20ac<\/strong><\/p><\/div>\n\n\n\n<div class=\"wp-block-uagb-image uagb-block-ad48e6ae wp-block-uagb-image--layout-default wp-block-uagb-image--effect-static wp-block-uagb-image--align-none\"><figure class=\"wp-block-uagb-image__figure\"><img decoding=\"async\" srcset=\"https:\/\/dachzeltnomaden.com\/shop\/wp-content\/uploads\/2024\/01\/dachzeltnomaden-shop-dachzelte-arcta-nimbo-kaufen-640x512.webp ,https:\/\/dachzeltnomaden.com\/shop\/wp-content\/uploads\/2024\/01\/dachzeltnomaden-shop-dachzelte-arcta-nimbo-kaufen.webp 780w, https:\/\/dachzeltnomaden.com\/shop\/wp-content\/uploads\/2024\/01\/dachzeltnomaden-shop-dachzelte-arcta-nimbo-kaufen.webp 360w\" sizes=\"auto, (max-width: 480px) 150px\" src=\"https:\/\/dachzeltnomaden.com\/shop\/wp-content\/uploads\/2024\/01\/dachzeltnomaden-shop-dachzelte-arcta-nimbo-kaufen-640x512.webp\" alt=\"arcta nimbo kaufen\" class=\"uag-image-141132\" width=\"1024\" height=\"250\" title=\"dachzeltnomaden-shop-dachzelte-arcta-nimbo-kaufen\" loading=\"lazy\" role=\"img\"\/><\/figure><\/div>\n\n\n\n<p class=\"has-ast-global-color-2-color has-text-color has-link-color wp-elements-3b319b1fa7c654e03235c4cc3a3e9967\">2 Personen Dachzelt, ABS-Hartschale, viel Platz, f\u00fcr Kombis ab 75 kg Dachlast<\/p>\n\n\n\n<hr class=\"wp-block-separator has-text-color has-ast-global-color-2-color has-alpha-channel-opacity has-ast-global-color-2-background-color has-background\"\/>\n\n\n\n<ul style=\"font-size:15px\" class=\"wp-block-list has-ast-global-color-2-color has-text-color has-link-color wp-elements-66b85d183dd2e782284a49107b2426b6\">\n<li>Ma\u00dfe geschlossen: 225 x 146 x 31 cm<\/li>\n\n\n\n<li>Ma\u00dfe ge\u00f6ffnet: 154 x\u00a0220 x\u00a0107 cm<\/li>\n\n\n\n<li>Ma\u00dfe Matratze: 137 x 215 x 8 cm<\/li>\n\n\n\n<li>Gewicht: 70 kg<\/li>\n<\/ul>\n<\/div>\n\n\n\n<div class=\"wp-block-uagb-buttons uagb-buttons__outer-wrap uagb-btn__default-btn uagb-btn-tablet__default-btn uagb-btn-mobile__default-btn uagb-block-9f3e375d\"><div class=\"uagb-buttons__wrap uagb-buttons-layout-wrap \">\n<div class=\"wp-block-uagb-buttons-child uagb-buttons__outer-wrap uagb-block-6cbbfabb wp-block-button\"><div class=\"uagb-button__wrapper\"><a class=\"uagb-buttons-repeater wp-block-button__link\" aria-label=\"\" href=\"#\" rel=\"follow noopener\" target=\"_self\" role=\"button\"><div class=\"uagb-button__link\">Zum ARCTA NIMBO<\/div><\/a><\/div><\/div>\n<\/div><\/div>\n<a class=\"spectra-container-link-overlay\" rel=\"noopener\" href=\"https:\/\/www.arcta.de\/collections\/dachzelt\/products\/nimbo?ref=NrBcA0l2&amp;sub_id=shop_arcta_nimbo_bt_1\" target=\"_blank\"> <\/a><\/div>\n\n\n\n<div class=\"wp-block-uagb-container uagb-block-f54dd638\"><a class=\"spectra-container-link-overlay\" rel=\"noopener\"> <\/a><\/div>\n\n\n\n<div class=\"wp-block-uagb-container uag-hide-mob uagb-block-84b589f7\"><\/div>\n<\/div>\n\n\n\n<div class=\"wp-block-uagb-buttons uagb-buttons__outer-wrap uagb-btn__default-btn uagb-btn-tablet__default-btn uagb-btn-mobile__default-btn uagb-block-858a8c1b\"><div class=\"uagb-buttons__wrap uagb-buttons-layout-wrap \">\n<div class=\"wp-block-uagb-buttons-child uagb-buttons__outer-wrap uagb-block-2b389987 wp-block-button\"><div class=\"uagb-button__wrapper\"><a class=\"uagb-buttons-repeater wp-block-button__link\" aria-label=\"\" href=\"https:\/\/www.arcta.de\/collections\/dachzelt?ref=NrBcA0l2\" rel=\"follow noopener\" target=\"_blank\" role=\"button\"><div class=\"uagb-button__link\">Hier gehts zu allen Dachzelten von ARCTA<\/div><\/a><\/div><\/div>\n<\/div><\/div>\n","protected":false},"excerpt":{"rendered":"<p>WERBUNG Du suchst ein ARCTA Dachzelt? Dann bist du hier genau richtig! ARCTA Dachzelte gibt es in folgenden Ausf\u00fchrungen: *Die [&hellip;]<\/p>\n","protected":false},"featured_media":130920,"template":"","meta":{"_uag_custom_page_level_css":"","site-sidebar-layout":"default","site-content-layout":"","ast-site-content-layout":"default","site-content-style":"default","site-sidebar-style":"default","ast-global-header-display":"","ast-banner-title-visibility":"","ast-main-header-display":"","ast-hfb-above-header-display":"","ast-hfb-below-header-display":"","ast-hfb-mobile-header-display":"","site-post-title":"","ast-breadcrumbs-content":"","ast-featured-img":"","footer-sml-layout":"","ast-disable-related-posts":"","theme-transparent-header-meta":"default","adv-header-id-meta":"","stick-header-meta":"default","header-above-stick-meta":"","header-main-stick-meta":"","header-below-stick-meta":"","astra-migrate-meta-layouts":"set","ast-page-background-enabled":"default","ast-page-background-meta":{"desktop":{"background-color":"var(--ast-global-color-4)","background-image":"","background-repeat":"repeat","background-position":"center center","background-size":"auto","background-attachment":"scroll","background-type":"","background-media":"","overlay-type":"","overlay-color":"","overlay-opacity":"","overlay-gradient":""},"tablet":{"background-color":"","background-image":"","background-repeat":"repeat","background-position":"center center","background-size":"auto","background-attachment":"scroll","background-type":"","background-media":"","overlay-type":"","overlay-color":"","overlay-opacity":"","overlay-gradient":""},"mobile":{"background-color":"","background-image":"","background-repeat":"repeat","background-position":"center center","background-size":"auto","background-attachment":"scroll","background-type":"","background-media":"","overlay-type":"","overlay-color":"","overlay-opacity":"","overlay-gradient":""}},"ast-content-background-meta":{"desktop":{"background-color":"var(--ast-global-color-5)","background-image":"","background-repeat":"repeat","background-position":"center center","background-size":"auto","background-attachment":"scroll","background-type":"","background-media":"","overlay-type":"","overlay-color":"","overlay-opacity":"","overlay-gradient":""},"tablet":{"background-color":"var(--ast-global-color-5)","background-image":"","background-repeat":"repeat","background-position":"center center","background-size":"auto","background-attachment":"scroll","background-type":"","background-media":"","overlay-type":"","overlay-color":"","overlay-opacity":"","overlay-gradient":""},"mobile":{"background-color":"var(--ast-global-color-5)","background-image":"","background-repeat":"repeat","background-position":"center center","background-size":"auto","background-attachment":"scroll","background-type":"","background-media":"","overlay-type":"","overlay-color":"","overlay-opacity":"","overlay-gradient":""}},"_themeisle_gutenberg_block_has_review":false},"product_brand":[],"product_cat":[108],"product_tag":[133,231],"class_list":{"0":"post-606","1":"product","2":"type-product","3":"status-publish","4":"has-post-thumbnail","6":"product_cat-dachzelte","7":"product_tag-aluminium-hartschalendachzelt","8":"product_tag-klappdachzelt","9":"desktop-align-left","10":"tablet-align-left","11":"mobile-align-left","12":"ast-product-gallery-layout-vertical-slider","13":"ast-product-tabs-layout-horizontal","15":"first","16":"instock","17":"purchasable","18":"product-type-external"},"exclude_global_add_ons":[],"addons":[],"uagb_featured_image_src":{"full":["https:\/\/dachzeltnomaden.com\/shop\/wp-content\/uploads\/2024\/01\/dachzeltnomaden-shop-dachzelt-arcta-thumbnail.webp",2048,1365,false],"thumbnail":["https:\/\/dachzeltnomaden.com\/shop\/wp-content\/uploads\/2024\/01\/dachzeltnomaden-shop-dachzelt-arcta-thumbnail-1024x1024.webp",600,600,true],"medium":["https:\/\/dachzeltnomaden.com\/shop\/wp-content\/uploads\/2024\/01\/dachzeltnomaden-shop-dachzelt-arcta-thumbnail-300x200.webp",300,200,true],"medium_large":["https:\/\/dachzeltnomaden.com\/shop\/wp-content\/uploads\/2024\/01\/dachzeltnomaden-shop-dachzelt-arcta-thumbnail-768x512.webp",768,512,true],"large":["https:\/\/dachzeltnomaden.com\/shop\/wp-content\/uploads\/2024\/01\/dachzeltnomaden-shop-dachzelt-arcta-thumbnail-1024x683.webp",768,512,true],"1536x1536":["https:\/\/dachzeltnomaden.com\/shop\/wp-content\/uploads\/2024\/01\/dachzeltnomaden-shop-dachzelt-arcta-thumbnail-1536x1024.webp",1536,1024,true],"2048x2048":["https:\/\/dachzeltnomaden.com\/shop\/wp-content\/uploads\/2024\/01\/dachzeltnomaden-shop-dachzelt-arcta-thumbnail.webp",2048,1365,false],"woocommerce_thumbnail":["https:\/\/dachzeltnomaden.com\/shop\/wp-content\/uploads\/2024\/01\/dachzeltnomaden-shop-dachzelt-arcta-thumbnail-600x600.webp",600,600,true],"woocommerce_single":["https:\/\/dachzeltnomaden.com\/shop\/wp-content\/uploads\/2024\/01\/dachzeltnomaden-shop-dachzelt-arcta-thumbnail-1024x683.webp",1024,683,true],"woocommerce_gallery_thumbnail":["https:\/\/dachzeltnomaden.com\/shop\/wp-content\/uploads\/2024\/01\/dachzeltnomaden-shop-dachzelt-arcta-thumbnail-100x100.webp",100,100,true]},"uagb_author_info":{"display_name":"Jasmine","author_link":"https:\/\/dachzeltnomaden.com\/shop\/author\/"},"uagb_comment_info":0,"uagb_excerpt":"WERBUNG Du suchst ein ARCTA Dachzelt? Dann bist du hier genau richtig! ARCTA Dachzelte gibt es in folgenden Ausf\u00fchrungen: *Die [&hellip;]","_links":{"self":[{"href":"https:\/\/dachzeltnomaden.com\/shop\/wp-json\/wp\/v2\/product\/606","targetHints":{"allow":["GET"]}}],"collection":[{"href":"https:\/\/dachzeltnomaden.com\/shop\/wp-json\/wp\/v2\/product"}],"about":[{"href":"https:\/\/dachzeltnomaden.com\/shop\/wp-json\/wp\/v2\/types\/product"}],"wp:featuredmedia":[{"embeddable":true,"href":"https:\/\/dachzeltnomaden.com\/shop\/wp-json\/wp\/v2\/media\/130920"}],"wp:attachment":[{"href":"https:\/\/dachzeltnomaden.com\/shop\/wp-json\/wp\/v2\/media?parent=606"}],"wp:term":[{"taxonomy":"product_brand","embeddable":true,"href":"https:\/\/dachzeltnomaden.com\/shop\/wp-json\/wp\/v2\/product_brand?post=606"},{"taxonomy":"product_cat","embeddable":true,"href":"https:\/\/dachzeltnomaden.com\/shop\/wp-json\/wp\/v2\/product_cat?post=606"},{"taxonomy":"product_tag","embeddable":true,"href":"https:\/\/dachzeltnomaden.com\/shop\/wp-json\/wp\/v2\/product_tag?post=606"}],"curies":[{"name":"wp","href":"https:\/\/api.w.org\/{rel}","templated":true}]}}