{"id":143438,"date":"2026-08-28T14:40:03","date_gmt":"2026-08-28T12:40:03","guid":{"rendered":"https:\/\/dachzeltnomaden.com\/shop\/?post_type=product&#038;p=143438"},"modified":"2026-08-28T14:49:18","modified_gmt":"2026-08-28T12:49:18","slug":"dachzelt-dorf-sandstedt-horntools-themis-140","status":"publish","type":"product","link":"https:\/\/dachzeltnomaden.com\/shop\/produkt\/dachzelt-dorf-sandstedt-horntools-themis-140\/","title":{"rendered":"DACHZELT DORF Sandstedt &#8211; horntools Themis 140"},"content":{"rendered":"\n<div class=\"wp-block-uagb-advanced-heading uagb-block-a1a7c15c\"><h2 class=\"uagb-heading-text\"><strong>Sichere dir jetzt dein gebrauchtes <\/strong>horntools Themis 140<\/h2><\/div>\n\n\n\n<p class=\"wp-block-paragraph\"><strong>Hol dir das horntools Themis 140 Dachzelt direkt bei uns \u2013 getestet, gepflegt und bereit f\u00fcr dein n\u00e4chstes Abenteuer!<\/strong><\/p>\n\n\n\n<p class=\"wp-block-paragraph\">Das Dachzelt ist im April 2026 fabrikneu im <strong><a href=\"https:\/\/dachzelt-dorf.com\/sandstedt\/\" target=\"_blank\" rel=\"noreferrer noopener\">DACHZELT DORF Sandstedt<\/a><\/strong> auf der Plattform <strong><a href=\"https:\/\/dachzelt-dorf.com\/accommodation\/storchennest\/\" data-type=\"link\" data-id=\"https:\/\/dachzelt-dorf.com\/accommodation\/vogelgucker\/\" target=\"_blank\" rel=\"noreferrer noopener\">Storchennest<\/a> eingezogen. <\/strong>Seither wurde es dort von unseren G\u00e4sten Probe geschlafen und war bis zum Ende der Saison etwa 50 N\u00e4chte im Einsatz.\u00a0<br><br>Das Dachzelt macht Platz f\u00fcr die neue Saison \u2013 <strong>ab September ist es im DACHZELT DORF Sandstedt\u00a0nach Absprache zur Abholung verf\u00fcgbar.<\/strong><br><br><strong>Besichtigen<\/strong><br>Du m\u00f6chtest das Zelt vor dem Kauf live sehen und anfassen? Kein Problem! Du kannst das Themis 140 nach Absprache direkt im DACHZELT DORF besichtigen und anfassen.<\/p>\n\n\n\n<p class=\"wp-block-paragraph\"><strong>Testen<\/strong><br>Du willst ausf\u00fchrlicher <strong>testen<\/strong>, ob das horntools Themis das Dachzelt deiner Tr\u00e4ume ist? Dann komm zum Probeschlafen vorbei! <strong><a href=\"https:\/\/dachzelt-dorf.com\/sandstedt\/\" target=\"_blank\" rel=\"noopener\">Buche dir hier deine Testnacht im DACHZELT DORF Sandstedt<\/a><\/strong> und finde heraus, ob das Themis 140 dein neues Zuhause auf dem Autodach wird.\u00a0<\/p>\n\n\n\n<div class=\"wp-block-uagb-advanced-heading uagb-block-fe0d0cc0\"><h3 class=\"uagb-heading-text\"><strong>Testen lohnt sich doppelt: Deine \u00dcbernachtung wird zum <\/strong>zus\u00e4tzlichen<strong> Rabatt!<\/strong><\/h3><\/div>\n\n\n\n<p class=\"wp-block-paragraph\">Als Gast im DACHZELT DORF bekommst du beim Kauf dieses Dachzelts einen <strong>zus\u00e4tzlichen Rabatt von 100<\/strong> \u20ac auf den Kaufpreis!<br>Wie das genau funktioniert, erf\u00e4hrst du bei der <strong><a href=\"https:\/\/dachzelt-dorf.com\/\" target=\"_blank\" rel=\"noopener\">Buchung deines Aufenthalts<\/a><\/strong>.<\/p>\n\n\n\n<hr class=\"wp-block-separator has-alpha-channel-opacity\"\/>\n\n\n\n<div class=\"wp-block-uagb-advanced-heading uagb-block-d5111666\"><h3 class=\"uagb-heading-text\"><strong>Kauf &amp; Abholung<\/strong><\/h3><\/div>\n\n\n\n<p class=\"wp-block-paragraph\">So kommst du an dein neues Dachzelt.&nbsp;<\/p>\n\n\n\n<ol class=\"wp-block-list\">\n<li>Nach deinem erfolgreichen Kauf melden wir uns bei dir und vereinbaren gemeinsam die Abholung deines Dachzeltes. Die Abholung ist nach Absprache ab September m\u00f6glich.&nbsp;<\/li>\n\n\n\n<li>Wir sorgen daf\u00fcr, dass das Dachzelt im DACHZELT DORF abholbereit zur Verf\u00fcgung steht.&nbsp;<\/li>\n\n\n\n<li>Du kommst am vereinbarten Abholtermin vorbei und montierst das Dachzelte auf dein Autodach.<\/li>\n\n\n\n<li>Du freust dich auf die Abenteuer mit deinem neuen Dachzelt.<\/li>\n<\/ol>\n\n\n\n<p class=\"wp-block-paragraph\"><strong>Wichtig: Nur Selbstabholung m\u00f6glich. Kein Versand.<\/strong><\/p>\n\n\n\n<hr class=\"wp-block-separator has-alpha-channel-opacity\"\/>\n\n\n\n<div class=\"wp-block-uagb-advanced-heading uagb-block-60608f0e\"><h3 class=\"uagb-heading-text\"><strong>Details zum Themis 140<\/strong><\/h3><\/div>\n\n\n\n<p class=\"wp-block-paragraph\"><strong>Abmessungen:<\/strong><\/p>\n\n\n\n<ul style=\"margin-bottom:30px\" class=\"wp-block-list\">\n<li><strong>Liegefl\u00e4che:<\/strong>\u00a0\u00a0206 x 136 cm<\/li>\n\n\n\n<li><strong>Matratze:<\/strong> 7 cm<\/li>\n\n\n\n<li><strong>Zeltau\u00dfenma\u00dfe ge\u00f6ffnet:\u00a0<\/strong>212 x 140 x 110 cm<\/li>\n\n\n\n<li><strong>Zeltma\u00dfe geschlossen:<\/strong>\u00a0212 x 140 x 30 cm<\/li>\n\n\n\n<li><strong>Gewicht :<\/strong>\u00a0ca.63,2 kg<\/li>\n<\/ul>\n\n\n\n<p class=\"wp-block-paragraph\"><strong>Material:<\/strong><\/p>\n\n\n\n<ul style=\"margin-bottom:30px\" class=\"wp-block-list\">\n<li><strong>Zeltstoff<\/strong>: Baumwolle, Leinen Polyester mit PU Beschichtung (Wassers\u00e4ule: 2000 mm)<\/li>\n\n\n\n<li><strong>Hartschale:<\/strong> ABS (Acrylnitril-Butadien-Styrol) &#8211; leicht, extrem robust, sto\u00dffest und haltbar<\/li>\n\n\n\n<li><strong>Farbe Zeltstoff<\/strong>: braun<\/li>\n\n\n\n<li><strong>Farbe Regenh\u00fclle<\/strong>: schwarz<\/li>\n\n\n\n<li><strong>LEDs:<\/strong> Streifen mit Powerbankanschluss<\/li>\n<\/ul>\n\n\n\n<p class=\"wp-block-paragraph\"><strong>Zustand:<\/strong>&nbsp;<\/p>\n\n\n\n<ul class=\"wp-block-list\">\n<li>Gebraucht<\/li>\n<\/ul>\n\n\n\t\t\t\t\t<div\n\t\t\t\t\t\tclass=\"wp-block-uagb-image-gallery uagb-block-f78f3efa  uag-hide-desktop uag-hide-tab uag-hide-mob \"\n\t\t\t\t\t\tstyle=\"\"\n\t\t\t\t\t>\n\t\t\t\t\t\t\t\t\t\t\t<div class=\"spectra-image-gallery spectra-image-gallery__layout--grid spectra-image-gallery__layout--grid-col-3 spectra-image-gallery__layout--grid-col-tab-3 spectra-image-gallery__layout--grid-col-mob-2\">\n\t\t\t\t\t\t\t\t\t\t\t<div class=\"spectra-image-gallery__media-wrapper\" data-spectra-gallery-image-id=\"143357\" tabindex=\"0\">\n\t\t\t\t\t\t\t<div class=\"spectra-image-gallery__media spectra-image-gallery__media--grid\">\n\t\t\t\t<picture>\n\t\t\t\t\t<source media=\"(min-width: 1024px)\" srcset=\"https:\/\/dachzeltnomaden.com\/shop\/wp-content\/uploads\/2026\/08\/dachzelt-dorf-ruelzheim-dachzelt-abverkauf-vickywood-big-willow-180-hakuna-matata-1.webp\">\n\t\t\t\t\t<source media=\"(min-width: 768px)\" srcset=\"https:\/\/dachzeltnomaden.com\/shop\/wp-content\/uploads\/2026\/08\/dachzelt-dorf-ruelzheim-dachzelt-abverkauf-vickywood-big-willow-180-hakuna-matata-1-683x512.webp\">\n\t\t\t\t\t<img decoding=\"async\" class=\"spectra-image-gallery__media-thumbnail spectra-image-gallery__media-thumbnail--grid\" src=\"https:\/\/dachzeltnomaden.com\/shop\/wp-content\/uploads\/2026\/08\/dachzelt-dorf-ruelzheim-dachzelt-abverkauf-vickywood-big-willow-180-hakuna-matata-1-300x225.webp\" alt=\"dachzelt dorf ruelzheim dachzelt abverkauf vickywood big willow 180 kaufen\" loading=\"lazy\" \/>\n\t\t\t\t<\/picture>\n\t\t\t\t<div class=\"spectra-image-gallery__media-thumbnail-blurrer\"><\/div>\n\t\t\t\t\t\t\t\t\t\t\t<div class=\"spectra-image-gallery__media-thumbnail-caption-wrapper spectra-image-gallery__media-thumbnail-caption-wrapper--overlay\">\n\t\t\t\t\t\t\t\t\t\t\t<div class=\"spectra-image-gallery__media-thumbnail-caption spectra-image-gallery__media-thumbnail-caption--overlay\">\n\t\t\t\t\tDACHZELT DORF Season Sale Dachzelt Abverkauf Dachzeltnomaden\t\t\t\t<\/div>\n\t\t\t\t\t\t\t\t\t\t<\/div>\n\t\t\t\t\t\t\t\t\t<\/div>\n\t\t\t\t\t\t<\/div>\n\t\t\t\t\t\t<div class=\"spectra-image-gallery__media-wrapper\" data-spectra-gallery-image-id=\"143356\" tabindex=\"0\">\n\t\t\t\t\t\t\t<div class=\"spectra-image-gallery__media spectra-image-gallery__media--grid\">\n\t\t\t\t<picture>\n\t\t\t\t\t<source media=\"(min-width: 1024px)\" srcset=\"https:\/\/dachzeltnomaden.com\/shop\/wp-content\/uploads\/2026\/08\/dachzelt-dorf-ruelzheim-dachzelt-abverkauf-vickywood-big-willow-180-hakuna-matata_innenansicht.webp\">\n\t\t\t\t\t<source media=\"(min-width: 768px)\" srcset=\"https:\/\/dachzeltnomaden.com\/shop\/wp-content\/uploads\/2026\/08\/dachzelt-dorf-ruelzheim-dachzelt-abverkauf-vickywood-big-willow-180-hakuna-matata_innenansicht-683x512.webp\">\n\t\t\t\t\t<img decoding=\"async\" class=\"spectra-image-gallery__media-thumbnail spectra-image-gallery__media-thumbnail--grid\" src=\"https:\/\/dachzeltnomaden.com\/shop\/wp-content\/uploads\/2026\/08\/dachzelt-dorf-ruelzheim-dachzelt-abverkauf-vickywood-big-willow-180-hakuna-matata_innenansicht-300x225.webp\" alt=\"dachzelt dorf ruelzheim dachzelt abverkauf vickywood big willow 180 kaufen\" loading=\"lazy\" \/>\n\t\t\t\t<\/picture>\n\t\t\t\t<div class=\"spectra-image-gallery__media-thumbnail-blurrer\"><\/div>\n\t\t\t\t\t\t\t\t\t\t\t<div class=\"spectra-image-gallery__media-thumbnail-caption-wrapper spectra-image-gallery__media-thumbnail-caption-wrapper--overlay\">\n\t\t\t\t\t\t\t\t\t\t\t<div class=\"spectra-image-gallery__media-thumbnail-caption spectra-image-gallery__media-thumbnail-caption--overlay\">\n\t\t\t\t\tDACHZELT DORF Season Sale Dachzelt Abverkauf Dachzeltnomaden\t\t\t\t<\/div>\n\t\t\t\t\t\t\t\t\t\t<\/div>\n\t\t\t\t\t\t\t\t\t<\/div>\n\t\t\t\t\t\t<\/div>\n\t\t\t\t\t\t<div class=\"spectra-image-gallery__media-wrapper\" data-spectra-gallery-image-id=\"143355\" tabindex=\"0\">\n\t\t\t\t\t\t\t<div class=\"spectra-image-gallery__media spectra-image-gallery__media--grid\">\n\t\t\t\t<picture>\n\t\t\t\t\t<source media=\"(min-width: 1024px)\" srcset=\"https:\/\/dachzeltnomaden.com\/shop\/wp-content\/uploads\/2026\/08\/dachzelt-dorf-ruelzheim-dachzelt-abverkauf-vickywood-big-willow-180-hakuna-matata_oben.webp\">\n\t\t\t\t\t<source media=\"(min-width: 768px)\" srcset=\"https:\/\/dachzeltnomaden.com\/shop\/wp-content\/uploads\/2026\/08\/dachzelt-dorf-ruelzheim-dachzelt-abverkauf-vickywood-big-willow-180-hakuna-matata_oben-683x512.webp\">\n\t\t\t\t\t<img decoding=\"async\" class=\"spectra-image-gallery__media-thumbnail spectra-image-gallery__media-thumbnail--grid\" src=\"https:\/\/dachzeltnomaden.com\/shop\/wp-content\/uploads\/2026\/08\/dachzelt-dorf-ruelzheim-dachzelt-abverkauf-vickywood-big-willow-180-hakuna-matata_oben-300x225.webp\" alt=\"dachzelt dorf ruelzheim dachzelt abverkauf vickywood big willow 180 kaufen\" loading=\"lazy\" \/>\n\t\t\t\t<\/picture>\n\t\t\t\t<div class=\"spectra-image-gallery__media-thumbnail-blurrer\"><\/div>\n\t\t\t\t\t\t\t\t\t\t\t<div class=\"spectra-image-gallery__media-thumbnail-caption-wrapper spectra-image-gallery__media-thumbnail-caption-wrapper--overlay\">\n\t\t\t\t\t\t\t\t\t\t\t<div class=\"spectra-image-gallery__media-thumbnail-caption spectra-image-gallery__media-thumbnail-caption--overlay\">\n\t\t\t\t\tDACHZELT DORF Season Sale Dachzelt Abverkauf Dachzeltnomaden\t\t\t\t<\/div>\n\t\t\t\t\t\t\t\t\t\t<\/div>\n\t\t\t\t\t\t\t\t\t<\/div>\n\t\t\t\t\t\t<\/div>\n\t\t\t\t\t\t<div class=\"spectra-image-gallery__media-wrapper\" data-spectra-gallery-image-id=\"143353\" tabindex=\"0\">\n\t\t\t\t\t\t\t<div class=\"spectra-image-gallery__media spectra-image-gallery__media--grid\">\n\t\t\t\t<picture>\n\t\t\t\t\t<source media=\"(min-width: 1024px)\" srcset=\"https:\/\/dachzeltnomaden.com\/shop\/wp-content\/uploads\/2026\/08\/dachzelt-dorf-ruelzheim-dachzelt-abverkauf-vickywood-big-willow-180-hakuna-matata_seitlich.webp\">\n\t\t\t\t\t<source media=\"(min-width: 768px)\" srcset=\"https:\/\/dachzeltnomaden.com\/shop\/wp-content\/uploads\/2026\/08\/dachzelt-dorf-ruelzheim-dachzelt-abverkauf-vickywood-big-willow-180-hakuna-matata_seitlich-683x512.webp\">\n\t\t\t\t\t<img decoding=\"async\" class=\"spectra-image-gallery__media-thumbnail spectra-image-gallery__media-thumbnail--grid\" src=\"https:\/\/dachzeltnomaden.com\/shop\/wp-content\/uploads\/2026\/08\/dachzelt-dorf-ruelzheim-dachzelt-abverkauf-vickywood-big-willow-180-hakuna-matata_seitlich-300x225.webp\" alt=\"dachzelt dorf ruelzheim dachzelt abverkauf vickywood big willow 180 kaufen\" loading=\"lazy\" \/>\n\t\t\t\t<\/picture>\n\t\t\t\t<div class=\"spectra-image-gallery__media-thumbnail-blurrer\"><\/div>\n\t\t\t\t\t\t\t\t\t\t\t<div class=\"spectra-image-gallery__media-thumbnail-caption-wrapper spectra-image-gallery__media-thumbnail-caption-wrapper--overlay\">\n\t\t\t\t\t\t\t\t\t\t\t<div class=\"spectra-image-gallery__media-thumbnail-caption spectra-image-gallery__media-thumbnail-caption--overlay\">\n\t\t\t\t\tDACHZELT DORF Season Sale Dachzelt Abverkauf Dachzeltnomaden\t\t\t\t<\/div>\n\t\t\t\t\t\t\t\t\t\t<\/div>\n\t\t\t\t\t\t\t\t\t<\/div>\n\t\t\t\t\t\t<\/div>\n\t\t\t\t\t\t<div class=\"spectra-image-gallery__media-wrapper\" data-spectra-gallery-image-id=\"143354\" tabindex=\"0\">\n\t\t\t\t\t\t\t<div class=\"spectra-image-gallery__media spectra-image-gallery__media--grid\">\n\t\t\t\t<picture>\n\t\t\t\t\t<source media=\"(min-width: 1024px)\" srcset=\"https:\/\/dachzeltnomaden.com\/shop\/wp-content\/uploads\/2026\/08\/dachzelt-dorf-ruelzheim-dachzelt-abverkauf-vickywood-big-willow-180-hakuna-matata_obenseitlich.webp\">\n\t\t\t\t\t<source media=\"(min-width: 768px)\" srcset=\"https:\/\/dachzeltnomaden.com\/shop\/wp-content\/uploads\/2026\/08\/dachzelt-dorf-ruelzheim-dachzelt-abverkauf-vickywood-big-willow-180-hakuna-matata_obenseitlich-683x512.webp\">\n\t\t\t\t\t<img decoding=\"async\" class=\"spectra-image-gallery__media-thumbnail spectra-image-gallery__media-thumbnail--grid\" src=\"https:\/\/dachzeltnomaden.com\/shop\/wp-content\/uploads\/2026\/08\/dachzelt-dorf-ruelzheim-dachzelt-abverkauf-vickywood-big-willow-180-hakuna-matata_obenseitlich-300x225.webp\" alt=\"dachzelt dorf ruelzheim dachzelt abverkauf vickywood big willow 180 kaufen\" loading=\"lazy\" \/>\n\t\t\t\t<\/picture>\n\t\t\t\t<div class=\"spectra-image-gallery__media-thumbnail-blurrer\"><\/div>\n\t\t\t\t\t\t\t\t\t\t\t<div class=\"spectra-image-gallery__media-thumbnail-caption-wrapper spectra-image-gallery__media-thumbnail-caption-wrapper--overlay\">\n\t\t\t\t\t\t\t\t\t\t\t<div class=\"spectra-image-gallery__media-thumbnail-caption spectra-image-gallery__media-thumbnail-caption--overlay\">\n\t\t\t\t\tDACHZELT DORF Season Sale Dachzelt Abverkauf Dachzeltnomaden\t\t\t\t<\/div>\n\t\t\t\t\t\t\t\t\t\t<\/div>\n\t\t\t\t\t\t\t\t\t<\/div>\n\t\t\t\t\t\t<\/div>\n\t\t\t\t\t\t\t\t\t\t<\/div>\n\t\t\t\t\t\t\t\t\t\t\t\t\t\t\t\t\t\t<\/div>\n\t\t\t\t\t\t\t\t\t\t\t<div class='spectra-image-gallery__control-lightbox' tabindex='0'>\n\t\t\t\t\t\t\t\t\t\t\t<div class=\"swiper spectra-image-gallery__control-lightbox--main\" dir=\"\">\n\t\t\t\t\t<div class=\"swiper-wrapper\">\n\t\t\t\t\t\t\t\t\t\t\t\t\t\n\t\t\t\t\t\t\t<div class=\"swiper-slide\">\n\t\t\t\t\t\t\t\t<img class=\"swiper-lazy\" data-src=\"https:\/\/dachzeltnomaden.com\/shop\/wp-content\/uploads\/2026\/08\/dachzelt-dorf-ruelzheim-dachzelt-abverkauf-vickywood-big-willow-180-hakuna-matata-1.webp\" alt=\"dachzelt dorf ruelzheim dachzelt abverkauf vickywood big willow 180 kaufen\"\/>\n\t\t\t\t\t\t\t\t<div class=\"swiper-lazy-preloader swiper-lazy-preloader-white\"><\/div>\n\t\t\t\t\t\t\t\t\t\t\t\t\t\t\t<\/div>\n\t\t\t\t\t\t\t\t\t\t\t\t\t\n\t\t\t\t\t\t\t<div class=\"swiper-slide\">\n\t\t\t\t\t\t\t\t<img class=\"swiper-lazy\" data-src=\"https:\/\/dachzeltnomaden.com\/shop\/wp-content\/uploads\/2026\/08\/dachzelt-dorf-ruelzheim-dachzelt-abverkauf-vickywood-big-willow-180-hakuna-matata_innenansicht.webp\" alt=\"dachzelt dorf ruelzheim dachzelt abverkauf vickywood big willow 180 kaufen\"\/>\n\t\t\t\t\t\t\t\t<div class=\"swiper-lazy-preloader swiper-lazy-preloader-white\"><\/div>\n\t\t\t\t\t\t\t\t\t\t\t\t\t\t\t<\/div>\n\t\t\t\t\t\t\t\t\t\t\t\t\t\n\t\t\t\t\t\t\t<div class=\"swiper-slide\">\n\t\t\t\t\t\t\t\t<img class=\"swiper-lazy\" data-src=\"https:\/\/dachzeltnomaden.com\/shop\/wp-content\/uploads\/2026\/08\/dachzelt-dorf-ruelzheim-dachzelt-abverkauf-vickywood-big-willow-180-hakuna-matata_oben.webp\" alt=\"dachzelt dorf ruelzheim dachzelt abverkauf vickywood big willow 180 kaufen\"\/>\n\t\t\t\t\t\t\t\t<div class=\"swiper-lazy-preloader swiper-lazy-preloader-white\"><\/div>\n\t\t\t\t\t\t\t\t\t\t\t\t\t\t\t<\/div>\n\t\t\t\t\t\t\t\t\t\t\t\t\t\n\t\t\t\t\t\t\t<div class=\"swiper-slide\">\n\t\t\t\t\t\t\t\t<img class=\"swiper-lazy\" data-src=\"https:\/\/dachzeltnomaden.com\/shop\/wp-content\/uploads\/2026\/08\/dachzelt-dorf-ruelzheim-dachzelt-abverkauf-vickywood-big-willow-180-hakuna-matata_seitlich.webp\" alt=\"dachzelt dorf ruelzheim dachzelt abverkauf vickywood big willow 180 kaufen\"\/>\n\t\t\t\t\t\t\t\t<div class=\"swiper-lazy-preloader swiper-lazy-preloader-white\"><\/div>\n\t\t\t\t\t\t\t\t\t\t\t\t\t\t\t<\/div>\n\t\t\t\t\t\t\t\t\t\t\t\t\t\n\t\t\t\t\t\t\t<div class=\"swiper-slide\">\n\t\t\t\t\t\t\t\t<img class=\"swiper-lazy\" data-src=\"https:\/\/dachzeltnomaden.com\/shop\/wp-content\/uploads\/2026\/08\/dachzelt-dorf-ruelzheim-dachzelt-abverkauf-vickywood-big-willow-180-hakuna-matata_obenseitlich.webp\" alt=\"dachzelt dorf ruelzheim dachzelt abverkauf vickywood big willow 180 kaufen\"\/>\n\t\t\t\t\t\t\t\t<div class=\"swiper-lazy-preloader swiper-lazy-preloader-white\"><\/div>\n\t\t\t\t\t\t\t\t\t\t\t\t\t\t\t<\/div>\n\t\t\t\t\t\t\t\t\t\t\t<\/div>\n\t\t\t\t\t<div class=\"swiper-button-next\"><\/div>\n\t\t\t\t\t<div class=\"swiper-button-prev\"><\/div>\n\t\t\t\t<\/div>\t\t\t\n\t\t\t\t\t\t\t\t\t\t\t\t\t\t\t\t\t\t\t\t\t\t\t\t\t\t\t\t\t\t\t\t<button class='spectra-image-gallery__control-lightbox--close' aria-label=\"Close\">\n\t\t\t\t\t\t\t\t\t\t\t\t\t<svg xmlns=\"https:\/\/www.w3.org\/2000\/svg\" viewBox= \"0 0 320 512\"><path d=\"M310.6 361.4c12.5 12.5 12.5 32.75 0 45.25C304.4 412.9 296.2 416 288 416s-16.38-3.125-22.62-9.375L160 301.3L54.63 406.6C48.38 412.9 40.19 416 32 416S15.63 412.9 9.375 406.6c-12.5-12.5-12.5-32.75 0-45.25l105.4-105.4L9.375 150.6c-12.5-12.5-12.5-32.75 0-45.25s32.75-12.5 45.25 0L160 210.8l105.4-105.4c12.5-12.5 32.75-12.5 45.25 0s12.5 32.75 0 45.25l-105.4 105.4L310.6 361.4z\"><\/path><\/svg>\n\t\t\t\t\t\t\t\t\t\t\t\t<\/button>\n\t\t\t\t\t\t\t\t\t\t\t\t\t<\/div>\n\t\t\t\t\t\t\t\t\t\n\n\n<hr class=\"wp-block-separator has-alpha-channel-opacity\"\/>\n\n\n\n<div class=\"wp-block-uagb-advanced-heading uagb-block-c0606b9c\"><h3 class=\"uagb-heading-text\"><strong>Hast du Fragen?<\/strong><\/h3><\/div>\n\n\n\n<p class=\"wp-block-paragraph\">Dann melde dich gern bei uns:<br>\ud83d\udce7 E-Mail: [ <a href=\"mailto:mail@dachzelt-dorf.com\">mail@dachzelt-dorf.com<\/a> ]<br>Wir beraten dich gern beim Dachzeltkauf und antworten dir von <strong>Montag bis Freitag innerhalb von 24 Stunden<\/strong>.<\/p>\n\n\n\n<hr class=\"wp-block-separator has-alpha-channel-opacity\"\/>\n\n\n\n<div class=\"wp-block-uagb-advanced-heading uagb-block-65de7599\"><h3 class=\"uagb-heading-text\"><strong>Lieber neu &amp; geliefert?<\/strong><\/h3><\/div>\n\n\n\n<p class=\"wp-block-paragraph\">Du m\u00f6chtest das <strong>horntools Dachzelt lieber neu und direkt zu dir nach Hause<\/strong> geliefert bekommen?<\/p>\n\n\n\n<div class=\"wp-block-uagb-buttons uagb-buttons__outer-wrap uagb-btn__default-btn uagb-btn-tablet__default-btn uagb-btn-mobile__default-btn uagb-block-d2a277df\"><div class=\"uagb-buttons__wrap uagb-buttons-layout-wrap \">\n<div class=\"wp-block-uagb-buttons-child uagb-buttons__outer-wrap uagb-block-49629f86 wp-block-button\"><div class=\"uagb-button__wrapper\"><a class=\"uagb-buttons-repeater wp-block-button__link\" aria-label=\"\" href=\"https:\/\/www.horntools.com\/products\/dachzelt-hartschale-themis-2-personen-140?sca_ref=4475653.aBXIEnXSSo&amp;sub_id=dachzeltAbverkauf_sandstedt_horntools_themis140_bt_1\" rel=\"follow noopener\" target=\"_self\" role=\"button\"><div class=\"uagb-button__link\">Zum Themis 140 &#8211; Hier entlang!<\/div><\/a><\/div><\/div>\n<\/div><\/div>\n\n\n\n<hr class=\"wp-block-separator has-alpha-channel-opacity\"\/>\n\n\n\n<div class=\"wp-block-uagb-advanced-heading uagb-block-d4664a29\"><h4 class=\"uagb-heading-text\"><strong>Gew\u00e4hrleistung &amp; Bedingungen<\/strong><\/h4><\/div>\n\n\n\n<ul class=\"wp-block-list\">\n<li>Die Kaufvereinbarung gilt unter dem Vorbehalt, dass sich das Dachzelt zum Zeitpunkt der \u00dcbergabe in einem <strong>gebrauchten, aber technisch einwandfreien Zustand<\/strong> befindet.<br><\/li>\n\n\n\n<li>12 Monate Gew\u00e4hrleistung gem\u00e4\u00df \u00a7\u00a7434ff. BGB<br><\/li>\n\n\n\n<li>Es gelten die allgemeinen <strong>Garantiebedingungen des Herstellers<\/strong>.<br><\/li>\n<\/ul>\n","protected":false},"excerpt":{"rendered":"<p>Sichere dir jetzt dein gebrauchtes horntools Themis 140 Hol dir das horntools Themis 140 Dachzelt direkt bei uns \u2013 getestet, [&hellip;]<\/p>\n","protected":false},"featured_media":143440,"template":"","meta":{"_uag_custom_page_level_css":"","site-sidebar-layout":"default","site-content-layout":"","ast-site-content-layout":"default","site-content-style":"default","site-sidebar-style":"default","ast-global-header-display":"","ast-banner-title-visibility":"","ast-main-header-display":"","ast-hfb-above-header-display":"","ast-hfb-below-header-display":"","ast-hfb-mobile-header-display":"","site-post-title":"","ast-breadcrumbs-content":"","ast-featured-img":"","footer-sml-layout":"","ast-disable-related-posts":"","theme-transparent-header-meta":"","adv-header-id-meta":"","stick-header-meta":"","header-above-stick-meta":"","header-main-stick-meta":"","header-below-stick-meta":"","astra-migrate-meta-layouts":"default","ast-page-background-enabled":"default","ast-page-background-meta":{"desktop":{"background-color":"var(--ast-global-color-4)","background-image":"","background-repeat":"repeat","background-position":"center center","background-size":"auto","background-attachment":"scroll","background-type":"","background-media":"","overlay-type":"","overlay-color":"","overlay-opacity":"","overlay-gradient":""},"tablet":{"background-color":"","background-image":"","background-repeat":"repeat","background-position":"center center","background-size":"auto","background-attachment":"scroll","background-type":"","background-media":"","overlay-type":"","overlay-color":"","overlay-opacity":"","overlay-gradient":""},"mobile":{"background-color":"","background-image":"","background-repeat":"repeat","background-position":"center center","background-size":"auto","background-attachment":"scroll","background-type":"","background-media":"","overlay-type":"","overlay-color":"","overlay-opacity":"","overlay-gradient":""}},"ast-content-background-meta":{"desktop":{"background-color":"var(--ast-global-color-5)","background-image":"","background-repeat":"repeat","background-position":"center center","background-size":"auto","background-attachment":"scroll","background-type":"","background-media":"","overlay-type":"","overlay-color":"","overlay-opacity":"","overlay-gradient":""},"tablet":{"background-color":"var(--ast-global-color-5)","background-image":"","background-repeat":"repeat","background-position":"center center","background-size":"auto","background-attachment":"scroll","background-type":"","background-media":"","overlay-type":"","overlay-color":"","overlay-opacity":"","overlay-gradient":""},"mobile":{"background-color":"var(--ast-global-color-5)","background-image":"","background-repeat":"repeat","background-position":"center center","background-size":"auto","background-attachment":"scroll","background-type":"","background-media":"","overlay-type":"","overlay-color":"","overlay-opacity":"","overlay-gradient":""}}},"product_brand":[],"product_cat":[100],"product_tag":[],"class_list":["post-143438","product","type-product","status-publish","has-post-thumbnail","product_cat-rabatte","desktop-align-left","tablet-align-left","mobile-align-left","ast-product-gallery-layout-horizontal-slider","ast-product-gallery-with-no-image","ast-product-tabs-layout-horizontal","first","instock","sale","taxable","shipping-taxable","purchasable","product-type-simple"],"exclude_global_add_ons":[],"addons":[],"uagb_featured_image_src":{"full":["https:\/\/dachzeltnomaden.com\/shop\/wp-content\/uploads\/2026\/08\/dachzeltnomaden-shop-dachzelt-rabatte-dachzelt-dorf-sandstedt-horntools-themis140-gebraucht-kaufen.webp",800,713,false],"thumbnail":["https:\/\/dachzeltnomaden.com\/shop\/wp-content\/uploads\/2026\/08\/dachzeltnomaden-shop-dachzelt-rabatte-dachzelt-dorf-sandstedt-horntools-themis140-gebraucht-kaufen-600x600.webp",600,600,true],"medium":["https:\/\/dachzeltnomaden.com\/shop\/wp-content\/uploads\/2026\/08\/dachzeltnomaden-shop-dachzelt-rabatte-dachzelt-dorf-sandstedt-horntools-themis140-gebraucht-kaufen-300x267.webp",300,267,true],"medium_large":["https:\/\/dachzeltnomaden.com\/shop\/wp-content\/uploads\/2026\/08\/dachzeltnomaden-shop-dachzelt-rabatte-dachzelt-dorf-sandstedt-horntools-themis140-gebraucht-kaufen-768x684.webp",768,684,true],"large":["https:\/\/dachzeltnomaden.com\/shop\/wp-content\/uploads\/2026\/08\/dachzeltnomaden-shop-dachzelt-rabatte-dachzelt-dorf-sandstedt-horntools-themis140-gebraucht-kaufen-574x512.webp",574,512,true],"1536x1536":["https:\/\/dachzeltnomaden.com\/shop\/wp-content\/uploads\/2026\/08\/dachzeltnomaden-shop-dachzelt-rabatte-dachzelt-dorf-sandstedt-horntools-themis140-gebraucht-kaufen.webp",800,713,false],"2048x2048":["https:\/\/dachzeltnomaden.com\/shop\/wp-content\/uploads\/2026\/08\/dachzeltnomaden-shop-dachzelt-rabatte-dachzelt-dorf-sandstedt-horntools-themis140-gebraucht-kaufen.webp",800,713,false],"woocommerce_thumbnail":["https:\/\/dachzeltnomaden.com\/shop\/wp-content\/uploads\/2026\/08\/dachzeltnomaden-shop-dachzelt-rabatte-dachzelt-dorf-sandstedt-horntools-themis140-gebraucht-kaufen-600x600.webp",600,600,true],"woocommerce_single":["https:\/\/dachzeltnomaden.com\/shop\/wp-content\/uploads\/2026\/08\/dachzeltnomaden-shop-dachzelt-rabatte-dachzelt-dorf-sandstedt-horntools-themis140-gebraucht-kaufen.webp",800,713,false],"woocommerce_gallery_thumbnail":["https:\/\/dachzeltnomaden.com\/shop\/wp-content\/uploads\/2026\/08\/dachzeltnomaden-shop-dachzelt-rabatte-dachzelt-dorf-sandstedt-horntools-themis140-gebraucht-kaufen-100x100.webp",100,100,true]},"uagb_author_info":{"display_name":"Jasmine","author_link":"https:\/\/dachzeltnomaden.com\/shop\/author\/"},"uagb_comment_info":0,"uagb_excerpt":"Sichere dir jetzt dein gebrauchtes horntools Themis 140 Hol dir das horntools Themis 140 Dachzelt direkt bei uns \u2013 getestet, [&hellip;]","_links":{"self":[{"href":"https:\/\/dachzeltnomaden.com\/shop\/wp-json\/wp\/v2\/product\/143438","targetHints":{"allow":["GET"]}}],"collection":[{"href":"https:\/\/dachzeltnomaden.com\/shop\/wp-json\/wp\/v2\/product"}],"about":[{"href":"https:\/\/dachzeltnomaden.com\/shop\/wp-json\/wp\/v2\/types\/product"}],"wp:featuredmedia":[{"embeddable":true,"href":"https:\/\/dachzeltnomaden.com\/shop\/wp-json\/wp\/v2\/media\/143440"}],"wp:attachment":[{"href":"https:\/\/dachzeltnomaden.com\/shop\/wp-json\/wp\/v2\/media?parent=143438"}],"wp:term":[{"taxonomy":"product_brand","embeddable":true,"href":"https:\/\/dachzeltnomaden.com\/shop\/wp-json\/wp\/v2\/product_brand?post=143438"},{"taxonomy":"product_cat","embeddable":true,"href":"https:\/\/dachzeltnomaden.com\/shop\/wp-json\/wp\/v2\/product_cat?post=143438"},{"taxonomy":"product_tag","embeddable":true,"href":"https:\/\/dachzeltnomaden.com\/shop\/wp-json\/wp\/v2\/product_tag?post=143438"}],"curies":[{"name":"wp","href":"https:\/\/api.w.org\/{rel}","templated":true}]}}